{"id":1681,"date":"2023-07-24T10:24:37","date_gmt":"2023-07-24T08:24:37","guid":{"rendered":"https:\/\/www.ahoterapi.com\/?post_type=event&#038;p=1681"},"modified":"2024-02-14T00:16:04","modified_gmt":"2024-02-13T23:16:04","slug":"retraite-en-tribu-feminine-novembre-2023","status":"publish","type":"event","link":"https:\/\/www.ahoterapi.com\/es\/event\/retraite-en-tribu-feminine-novembre-2023\/","title":{"rendered":"Retiro en tribu femenina"},"content":{"rendered":"<p>[et_pb_section fb_built=\u00a0\u00bb1&Prime; admin_label=\u00a0\u00bbsection\u00a0\u00bb _builder_version=\u00a0\u00bb4.16&Prime; global_colors_info=\u00a0\u00bb{}\u00a0\u00bb theme_builder_area=\u00a0\u00bbpost_content\u00a0\u00bb][et_pb_row admin_label=\u00a0\u00bbrow\u00a0\u00bb _builder_version=\u00a0\u00bb4.16&Prime; background_size=\u00a0\u00bbinitial\u00a0\u00bb background_position=\u00a0\u00bbtop_left\u00a0\u00bb background_repeat=\u00a0\u00bbrepeat\u00a0\u00bb global_colors_info=\u00a0\u00bb{}\u00a0\u00bb theme_builder_area=\u00a0\u00bbpost_content\u00a0\u00bb][et_pb_column type=\u00a0\u00bb4_4&Prime; _builder_version=\u00a0\u00bb4.16&Prime; custom_padding=\u00a0\u00bb|||\u00a0\u00bb global_colors_info=\u00a0\u00bb{}\u00a0\u00bb custom_padding__hover=\u00a0\u00bb|||\u00a0\u00bb theme_builder_area=\u00a0\u00bbpost_content\u00a0\u00bb][et_pb_text admin_label=\u00a0\u00bbText\u00a0\u00bb _builder_version=\u00a0\u00bb4.21.0&Prime; background_size=\u00a0\u00bbinitial\u00a0\u00bb background_position=\u00a0\u00bbtop_left\u00a0\u00bb background_repeat=\u00a0\u00bbrepeat\u00a0\u00bb global_colors_info=\u00a0\u00bb{}\u00a0\u00bb theme_builder_area=\u00a0\u00bbpost_content\u00a0\u00bb]\u00ab\u00a0Las manos de mi madre\u00a0\u00bb t\u2019invite \u00e0 retourner \u00e0 tes origines pour gu\u00e9rir tes blessures maternelles au travers de tes m\u00e9moires ut\u00e9rines.<\/p>\n<p>Une immersion totale entre femmes pour plonger au c\u0153ur de la version la plus authentique de soi en se connectant \u00e0 notre matrice. Notre ut\u00e9rus \u2013 source de vie, de cr\u00e9ativit\u00e9 et d\u2019abondance, est porteur de nos m\u00e9moires ancestrales. Il contient aussi toutes nos souffrances et limitations, conscientes et inconscientes, que nous nous cr\u00e9ons et qui nous ont \u00e9t\u00e9 transmises au fil des g\u00e9n\u00e9rations. Ce bagage peut \u00eatre un frein \u00e0 une vie \u00e9panouie et harmonieuse.<\/p>\n<p>Ce voyage profond au travers de tes m\u00e9moires ut\u00e9rines ouvrira le chemin te permettant d\u2019aller vers la pacification de ta relation maternelle et de celle de tes anc\u00eatres. En tant que source de vie, l\u2019ut\u00e9rus est \u00e0 l\u2019origine de la transformation et de la force qui te permettront de te lib\u00e9rer des blessures et croyances limitantes gard\u00e9es depuis des g\u00e9n\u00e9rations.<\/p>\n<p>Lorsque tu empruntes ce chemin de r\u00e9conciliation, tu te permettras \u00e9galement d\u2019acc\u00e9der \u00e0 l\u2019amour, \u00e0 la compr\u00e9hension, \u00e0 la compassion et \u00e0 l\u2019abondance.[\/et_pb_text][et_pb_divider show_divider=\u00a0\u00bboff\u00a0\u00bb _builder_version=\u00a0\u00bb4.21.0&Prime; _module_preset=\u00a0\u00bbdefault\u00a0\u00bb global_colors_info=\u00a0\u00bb{}\u00a0\u00bb theme_builder_area=\u00a0\u00bbpost_content\u00a0\u00bb][\/et_pb_divider][et_pb_button button_url=\u00a0\u00bb@ET-DC@eyJkeW5hbWljIjp0cnVlLCJjb250ZW50IjoicG9zdF9saW5rX3VybF9hdHRhY2htZW50Iiwic2V0dGluZ3MiOnsicG9zdF9pZCI6IjE1MDAifX0=@\u00a0\u00bb url_new_window=\u00a0\u00bbon\u00a0\u00bb button_text=\u00a0\u00bbLien vers le PDF\u00a0\u00bb _builder_version=\u00a0\u00bb4.21.0&Prime; _dynamic_attributes=\u00a0\u00bbbutton_url\u00a0\u00bb _module_preset=\u00a0\u00bb75b38786-9667-4f9a-8116-2299ff0ea559&Prime; button_bg_color=\u00a0\u00bb#dcb21c\u00a0\u00bb button_border_color=\u00a0\u00bb#DCB21C\u00a0\u00bb button_border_radius=\u00a0\u00bb44px\u00a0\u00bb button_letter_spacing=\u00a0\u00bb1px\u00a0\u00bb button_font=\u00a0\u00bbLato|700||on|||||\u00a0\u00bb saved_tabs=\u00a0\u00bball\u00a0\u00bb locked=\u00a0\u00bboff\u00a0\u00bb global_colors_info=\u00a0\u00bb{}\u00a0\u00bb theme_builder_area=\u00a0\u00bbpost_content\u00a0\u00bb][\/et_pb_button][et_pb_divider show_divider=\u00a0\u00bboff\u00a0\u00bb _builder_version=\u00a0\u00bb4.21.0&Prime; _module_preset=\u00a0\u00bbdefault\u00a0\u00bb global_colors_info=\u00a0\u00bb{}\u00a0\u00bb theme_builder_area=\u00a0\u00bbpost_content\u00a0\u00bb][\/et_pb_divider][et_pb_video src=\u00a0\u00bbhttps:\/\/www.youtube.com\/watch?v=waR4xE-VFC8&Prime; play_icon_color=\u00a0\u00bb#dcb21c\u00a0\u00bb _builder_version=\u00a0\u00bb4.21.0&Prime; _module_preset=\u00a0\u00bbdefault\u00a0\u00bb global_colors_info=\u00a0\u00bb{}\u00a0\u00bb theme_builder_area=\u00a0\u00bbpost_content\u00a0\u00bb][\/et_pb_video][\/et_pb_column][\/et_pb_row][\/et_pb_section]<\/p>\n","protected":false},"excerpt":{"rendered":"<p>&#034;Las manos de mi madre&#034; le invita a volver a los or\u00edgenes, para curar tus heridas vivero a trav\u00e9s de sus recuerdos del \u00fatero.<\/p>","protected":false},"featured_media":2140,"menu_order":0,"template":"","format":"standard","meta":{"_acf_changed":false,"_et_pb_use_builder":"on","_et_pb_old_content":"<!-- wp:paragraph -->\n<p>\u00ab&nbsp;<em>Las manos de mi madre<\/em>&nbsp;\u00bb t\u2019invite \u00e0 retourner \u00e0 tes origines pour gu\u00e9rir tes blessures maternelles au travers de tes m\u00e9moires ut\u00e9rines.<\/p>\n<!-- \/wp:paragraph -->\n\n<!-- wp:paragraph -->\n<p>Une immersion totale entre femmes pour plonger au c\u0153ur de la version la plus authentique de soi en se connectant \u00e0 notre matrice. Notre ut\u00e9rus \u2013 source de vie, de cr\u00e9ativit\u00e9 et d\u2019abondance, est porteur de nos m\u00e9moires ancestrales. Il contient aussi toutes nos souffrances et limitations, conscientes et inconscientes, que nous nous cr\u00e9ons et qui nous ont \u00e9t\u00e9 transmises au fil des g\u00e9n\u00e9rations. Ce bagage peut \u00eatre un frein \u00e0 une vie \u00e9panouie et harmonieuse.<\/p>\n<!-- \/wp:paragraph -->\n\n<!-- wp:paragraph -->\n<p>Ce voyage profond au travers de tes m\u00e9moires ut\u00e9rines ouvrira le chemin te permettant d\u2019aller vers la pacification de ta relation maternelle et de celle de tes anc\u00eatres. En tant que source de vie, l\u2019ut\u00e9rus est \u00e0 l\u2019origine de la transformation et de la force qui te permettront de te lib\u00e9rer des blessures et croyances limitantes gard\u00e9es depuis des g\u00e9n\u00e9rations.<\/p>\n<!-- \/wp:paragraph -->\n\n<!-- wp:paragraph -->\n<p>Lorsque tu empruntes ce chemin de r\u00e9conciliation, tu te permettras \u00e9galement d\u2019acc\u00e9der \u00e0 l\u2019amour, \u00e0 la compr\u00e9hension, \u00e0 la compassion et \u00e0 l\u2019abondance.<\/p>\n<!-- \/wp:paragraph -->","_et_gb_content_width":"1200","inline_featured_image":false},"class_list":["post-1681","event","type-event","status-publish","format-standard","has-post-thumbnail","hentry","layout_category-retraites","layout_tag-passe"],"acf":[],"yoast_head":"<!-- This site is optimized with the Yoast SEO plugin v27.1.1 - https:\/\/yoast.com\/product\/yoast-seo-wordpress\/ -->\n<title>Retraite en tribu f\u00e9minine &#183; AH\u00d4! acupuncture, physioth\u00e9rapie, soins \u00e9nerg\u00e9tiques<\/title>\n<meta name=\"robots\" content=\"index, follow, max-snippet:-1, max-image-preview:large, max-video-preview:-1\" \/>\n<link rel=\"canonical\" href=\"https:\/\/www.ahoterapi.com\/es\/event\/retraite-en-tribu-feminine-novembre-2023\/\" \/>\n<meta property=\"og:locale\" content=\"es_ES\" \/>\n<meta property=\"og:type\" content=\"article\" \/>\n<meta property=\"og:title\" content=\"Retraite en tribu f\u00e9minine &#183; AH\u00d4! acupuncture, physioth\u00e9rapie, soins \u00e9nerg\u00e9tiques\" \/>\n<meta property=\"og:description\" content=\"\u00ab Las manos de mi madre \u00bb t\u2019invite \u00e0 retourner \u00e0 tes origines pour gu\u00e9rir tes blessures maternelles au travers de tes m\u00e9moires ut\u00e9rines.\" \/>\n<meta property=\"og:url\" content=\"https:\/\/www.ahoterapi.com\/es\/event\/retraite-en-tribu-feminine-novembre-2023\/\" \/>\n<meta property=\"og:site_name\" content=\"AH\u00d4! acupuncture, physioth\u00e9rapie, soins \u00e9nerg\u00e9tiques\" \/>\n<meta property=\"article:publisher\" content=\"https:\/\/www.facebook.com\/profile.php?id=100086871617974\" \/>\n<meta property=\"article:modified_time\" content=\"2024-02-13T23:16:04+00:00\" \/>\n<meta property=\"og:image\" content=\"https:\/\/www.ahoterapi.com\/wp-content\/uploads\/2023\/07\/couverture-las-manos-de-mi-madre-17-19-nov.jpg\" \/>\n\t<meta property=\"og:image:width\" content=\"992\" \/>\n\t<meta property=\"og:image:height\" content=\"1392\" \/>\n\t<meta property=\"og:image:type\" content=\"image\/jpeg\" \/>\n<meta name=\"twitter:card\" content=\"summary_large_image\" \/>\n<meta name=\"twitter:label1\" content=\"Tiempo de lectura\" \/>\n\t<meta name=\"twitter:data1\" content=\"2 minutos\" \/>\n<script type=\"application\/ld+json\" class=\"yoast-schema-graph\">{\"@context\":\"https:\/\/schema.org\",\"@graph\":[{\"@type\":\"WebPage\",\"@id\":\"https:\/\/www.ahoterapi.com\/event\/retraite-en-tribu-feminine-novembre-2023\/\",\"url\":\"https:\/\/www.ahoterapi.com\/event\/retraite-en-tribu-feminine-novembre-2023\/\",\"name\":\"Retraite en tribu f\u00e9minine &#183; AH\u00d4! acupuncture, physioth\u00e9rapie, soins \u00e9nerg\u00e9tiques\",\"isPartOf\":{\"@id\":\"https:\/\/www.ahoterapi.com\/#website\"},\"primaryImageOfPage\":{\"@id\":\"https:\/\/www.ahoterapi.com\/event\/retraite-en-tribu-feminine-novembre-2023\/#primaryimage\"},\"image\":{\"@id\":\"https:\/\/www.ahoterapi.com\/event\/retraite-en-tribu-feminine-novembre-2023\/#primaryimage\"},\"thumbnailUrl\":\"https:\/\/www.ahoterapi.com\/wp-content\/uploads\/2023\/07\/couverture-las-manos-de-mi-madre-17-19-nov.jpg\",\"datePublished\":\"2023-07-24T08:24:37+00:00\",\"dateModified\":\"2024-02-13T23:16:04+00:00\",\"breadcrumb\":{\"@id\":\"https:\/\/www.ahoterapi.com\/event\/retraite-en-tribu-feminine-novembre-2023\/#breadcrumb\"},\"inLanguage\":\"es\",\"potentialAction\":[{\"@type\":\"ReadAction\",\"target\":[\"https:\/\/www.ahoterapi.com\/event\/retraite-en-tribu-feminine-novembre-2023\/\"]}]},{\"@type\":\"ImageObject\",\"inLanguage\":\"es\",\"@id\":\"https:\/\/www.ahoterapi.com\/event\/retraite-en-tribu-feminine-novembre-2023\/#primaryimage\",\"url\":\"https:\/\/www.ahoterapi.com\/wp-content\/uploads\/2023\/07\/couverture-las-manos-de-mi-madre-17-19-nov.jpg\",\"contentUrl\":\"https:\/\/www.ahoterapi.com\/wp-content\/uploads\/2023\/07\/couverture-las-manos-de-mi-madre-17-19-nov.jpg\",\"width\":992,\"height\":1392,\"caption\":\"Retraite Las Manos de mi madre - Ahoterapi\"},{\"@type\":\"BreadcrumbList\",\"@id\":\"https:\/\/www.ahoterapi.com\/event\/retraite-en-tribu-feminine-novembre-2023\/#breadcrumb\",\"itemListElement\":[{\"@type\":\"ListItem\",\"position\":1,\"name\":\"Accueil\",\"item\":\"https:\/\/www.ahoterapi.com\/\"},{\"@type\":\"ListItem\",\"position\":2,\"name\":\"Events\",\"item\":\"https:\/\/www.ahoterapi.com\/es\/event\/\"},{\"@type\":\"ListItem\",\"position\":3,\"name\":\"Retraite en tribu f\u00e9minine\"}]},{\"@type\":\"WebSite\",\"@id\":\"https:\/\/www.ahoterapi.com\/#website\",\"url\":\"https:\/\/www.ahoterapi.com\/\",\"name\":\"AH\u00d4! acupuncture, physioth\u00e9rapie, soins \u00e9nerg\u00e9tiques\",\"description\":\"Espace th\u00e9rapeutique pluridisciplinaire: acupuncture, physioth\u00e9rapie, soins holistiques et \u00e9nerg\u00e9tiques. Ateliers et Retraites. Agr\u00e9\u00e9e RME.\",\"publisher\":{\"@id\":\"https:\/\/www.ahoterapi.com\/#organization\"},\"potentialAction\":[{\"@type\":\"SearchAction\",\"target\":{\"@type\":\"EntryPoint\",\"urlTemplate\":\"https:\/\/www.ahoterapi.com\/?s={search_term_string}\"},\"query-input\":{\"@type\":\"PropertyValueSpecification\",\"valueRequired\":true,\"valueName\":\"search_term_string\"}}],\"inLanguage\":\"es\"},{\"@type\":\"Organization\",\"@id\":\"https:\/\/www.ahoterapi.com\/#organization\",\"name\":\"AH\u00d4! Acupuncture - physioth\u00e9rapie - soins \u00e9nerg\u00e9tiques\",\"url\":\"https:\/\/www.ahoterapi.com\/\",\"logo\":{\"@type\":\"ImageObject\",\"inLanguage\":\"es\",\"@id\":\"https:\/\/www.ahoterapi.com\/#\/schema\/logo\/image\/\",\"url\":\"https:\/\/www.ahoterapi.com\/wp-content\/uploads\/2023\/07\/Logo-AHO.svg\",\"contentUrl\":\"https:\/\/www.ahoterapi.com\/wp-content\/uploads\/2023\/07\/Logo-AHO.svg\",\"width\":\"1024\",\"height\":\"1024\",\"caption\":\"AH\u00d4! Acupuncture - physioth\u00e9rapie - soins \u00e9nerg\u00e9tiques\"},\"image\":{\"@id\":\"https:\/\/www.ahoterapi.com\/#\/schema\/logo\/image\/\"},\"sameAs\":[\"https:\/\/www.facebook.com\/profile.php?id=100086871617974\",\"https:\/\/www.instagram.com\/ahoterapi\/\",\"https:\/\/www.linkedin.com\/in\/cline-la-mendola-101465175\/?originalSubdomain=ch\"]}]}<\/script>\n<!-- \/ Yoast SEO plugin. -->","yoast_head_json":{"title":"Retraite en tribu f\u00e9minine &#183; AH\u00d4! acupuncture, physioth\u00e9rapie, soins \u00e9nerg\u00e9tiques","robots":{"index":"index","follow":"follow","max-snippet":"max-snippet:-1","max-image-preview":"max-image-preview:large","max-video-preview":"max-video-preview:-1"},"canonical":"https:\/\/www.ahoterapi.com\/es\/event\/retraite-en-tribu-feminine-novembre-2023\/","og_locale":"es_ES","og_type":"article","og_title":"Retraite en tribu f\u00e9minine &#183; AH\u00d4! acupuncture, physioth\u00e9rapie, soins \u00e9nerg\u00e9tiques","og_description":"\u00ab Las manos de mi madre \u00bb t\u2019invite \u00e0 retourner \u00e0 tes origines pour gu\u00e9rir tes blessures maternelles au travers de tes m\u00e9moires ut\u00e9rines.","og_url":"https:\/\/www.ahoterapi.com\/es\/event\/retraite-en-tribu-feminine-novembre-2023\/","og_site_name":"AH\u00d4! acupuncture, physioth\u00e9rapie, soins \u00e9nerg\u00e9tiques","article_publisher":"https:\/\/www.facebook.com\/profile.php?id=100086871617974","article_modified_time":"2024-02-13T23:16:04+00:00","og_image":[{"width":992,"height":1392,"url":"https:\/\/www.ahoterapi.com\/wp-content\/uploads\/2023\/07\/couverture-las-manos-de-mi-madre-17-19-nov.jpg","type":"image\/jpeg"}],"twitter_card":"summary_large_image","twitter_misc":{"Tiempo de lectura":"2 minutos"},"schema":{"@context":"https:\/\/schema.org","@graph":[{"@type":"WebPage","@id":"https:\/\/www.ahoterapi.com\/event\/retraite-en-tribu-feminine-novembre-2023\/","url":"https:\/\/www.ahoterapi.com\/event\/retraite-en-tribu-feminine-novembre-2023\/","name":"Retraite en tribu f\u00e9minine &#183; AH\u00d4! acupuncture, physioth\u00e9rapie, soins \u00e9nerg\u00e9tiques","isPartOf":{"@id":"https:\/\/www.ahoterapi.com\/#website"},"primaryImageOfPage":{"@id":"https:\/\/www.ahoterapi.com\/event\/retraite-en-tribu-feminine-novembre-2023\/#primaryimage"},"image":{"@id":"https:\/\/www.ahoterapi.com\/event\/retraite-en-tribu-feminine-novembre-2023\/#primaryimage"},"thumbnailUrl":"https:\/\/www.ahoterapi.com\/wp-content\/uploads\/2023\/07\/couverture-las-manos-de-mi-madre-17-19-nov.jpg","datePublished":"2023-07-24T08:24:37+00:00","dateModified":"2024-02-13T23:16:04+00:00","breadcrumb":{"@id":"https:\/\/www.ahoterapi.com\/event\/retraite-en-tribu-feminine-novembre-2023\/#breadcrumb"},"inLanguage":"es","potentialAction":[{"@type":"ReadAction","target":["https:\/\/www.ahoterapi.com\/event\/retraite-en-tribu-feminine-novembre-2023\/"]}]},{"@type":"ImageObject","inLanguage":"es","@id":"https:\/\/www.ahoterapi.com\/event\/retraite-en-tribu-feminine-novembre-2023\/#primaryimage","url":"https:\/\/www.ahoterapi.com\/wp-content\/uploads\/2023\/07\/couverture-las-manos-de-mi-madre-17-19-nov.jpg","contentUrl":"https:\/\/www.ahoterapi.com\/wp-content\/uploads\/2023\/07\/couverture-las-manos-de-mi-madre-17-19-nov.jpg","width":992,"height":1392,"caption":"Retraite Las Manos de mi madre - Ahoterapi"},{"@type":"BreadcrumbList","@id":"https:\/\/www.ahoterapi.com\/event\/retraite-en-tribu-feminine-novembre-2023\/#breadcrumb","itemListElement":[{"@type":"ListItem","position":1,"name":"Accueil","item":"https:\/\/www.ahoterapi.com\/"},{"@type":"ListItem","position":2,"name":"Events","item":"https:\/\/www.ahoterapi.com\/es\/event\/"},{"@type":"ListItem","position":3,"name":"Retraite en tribu f\u00e9minine"}]},{"@type":"WebSite","@id":"https:\/\/www.ahoterapi.com\/#website","url":"https:\/\/www.ahoterapi.com\/","name":"AH\u00d4! acupuncture, physioth\u00e9rapie, soins \u00e9nerg\u00e9tiques","description":"Espace th\u00e9rapeutique pluridisciplinaire: acupuncture, physioth\u00e9rapie, soins holistiques et \u00e9nerg\u00e9tiques. Ateliers et Retraites. Agr\u00e9\u00e9e RME.","publisher":{"@id":"https:\/\/www.ahoterapi.com\/#organization"},"potentialAction":[{"@type":"SearchAction","target":{"@type":"EntryPoint","urlTemplate":"https:\/\/www.ahoterapi.com\/?s={search_term_string}"},"query-input":{"@type":"PropertyValueSpecification","valueRequired":true,"valueName":"search_term_string"}}],"inLanguage":"es"},{"@type":"Organization","@id":"https:\/\/www.ahoterapi.com\/#organization","name":"AH\u00d4! Acupuncture - physioth\u00e9rapie - soins \u00e9nerg\u00e9tiques","url":"https:\/\/www.ahoterapi.com\/","logo":{"@type":"ImageObject","inLanguage":"es","@id":"https:\/\/www.ahoterapi.com\/#\/schema\/logo\/image\/","url":"https:\/\/www.ahoterapi.com\/wp-content\/uploads\/2023\/07\/Logo-AHO.svg","contentUrl":"https:\/\/www.ahoterapi.com\/wp-content\/uploads\/2023\/07\/Logo-AHO.svg","width":"1024","height":"1024","caption":"AH\u00d4! Acupuncture - physioth\u00e9rapie - soins \u00e9nerg\u00e9tiques"},"image":{"@id":"https:\/\/www.ahoterapi.com\/#\/schema\/logo\/image\/"},"sameAs":["https:\/\/www.facebook.com\/profile.php?id=100086871617974","https:\/\/www.instagram.com\/ahoterapi\/","https:\/\/www.linkedin.com\/in\/cline-la-mendola-101465175\/?originalSubdomain=ch"]}]}},"_links":{"self":[{"href":"https:\/\/www.ahoterapi.com\/es\/wp-json\/wp\/v2\/event\/1681","targetHints":{"allow":["GET"]}}],"collection":[{"href":"https:\/\/www.ahoterapi.com\/es\/wp-json\/wp\/v2\/event"}],"about":[{"href":"https:\/\/www.ahoterapi.com\/es\/wp-json\/wp\/v2\/types\/event"}],"wp:featuredmedia":[{"embeddable":true,"href":"https:\/\/www.ahoterapi.com\/es\/wp-json\/wp\/v2\/media\/2140"}],"wp:attachment":[{"href":"https:\/\/www.ahoterapi.com\/es\/wp-json\/wp\/v2\/media?parent=1681"}],"curies":[{"name":"wp","href":"https:\/\/api.w.org\/{rel}","templated":true}]}}